{"id":13840,"date":"2023-06-13T07:29:51","date_gmt":"2023-06-13T05:29:51","guid":{"rendered":"https:\/\/cch.sk\/poradime-vam\/"},"modified":"2024-11-08T17:10:11","modified_gmt":"2024-11-08T16:10:11","slug":"poradime-vam","status":"publish","type":"page","link":"https:\/\/cch.sk\/cs\/poradime-vam\/","title":{"rendered":"Porad\u00edme v\u00e1m"},"content":{"rendered":"\t\t<div data-elementor-type=\"wp-page\" data-elementor-id=\"13840\" class=\"elementor elementor-13840 elementor-8521\">\n\t\t\t\t\t\t<section class=\"wd-negative-gap elementor-section elementor-top-section elementor-element elementor-element-e3aea76 wd-section-stretch elementor-section-boxed elementor-section-height-default elementor-section-height-default\" data-id=\"e3aea76\" data-element_type=\"section\" data-settings=\"{&quot;background_background&quot;:&quot;classic&quot;}\">\n\t\t\t\t\t\t<div class=\"elementor-container elementor-column-gap-default\">\n\t\t\t\t\t<div class=\"elementor-column elementor-col-100 elementor-top-column elementor-element elementor-element-6337c67\" data-id=\"6337c67\" data-element_type=\"column\">\n\t\t\t<div class=\"elementor-widget-wrap elementor-element-populated\">\n\t\t\t\t\t\t<div class=\"elementor-element elementor-element-238fef4 mycolor2 elementor-invisible elementor-widget elementor-widget-heading\" data-id=\"238fef4\" data-element_type=\"widget\" data-settings=\"{&quot;_animation&quot;:&quot;fadeInUp&quot;}\" data-widget_type=\"heading.default\">\n\t\t\t\t<div class=\"elementor-widget-container\">\n\t\t\t<span class=\"elementor-heading-title elementor-size-default\">\u010casto kladen\u00e9 ot\u00e1zky a odpov\u011bdi.<\/span>\t\t<\/div>\n\t\t\t\t<\/div>\n\t\t\t\t<div class=\"elementor-element elementor-element-d63dc32 elementor-invisible elementor-widget elementor-widget-image\" data-id=\"d63dc32\" data-element_type=\"widget\" data-settings=\"{&quot;_animation&quot;:&quot;fadeInUp&quot;}\" data-widget_type=\"image.default\">\n\t\t\t\t<div class=\"elementor-widget-container\">\n\t\t\t\t\t\t\t\t\t\t\t\t\t<img decoding=\"async\" src=\"https:\/\/cch.sk\/wp-content\/uploads\/elementor\/thumbs\/Line-1-copy-5-qwzpn5341whhqoaravu2s1gj7g81k08za9adnk4wi2.png\" title=\"Line 1 copy 5\" alt=\"Line 1 copy 5\" loading=\"lazy\" \/>\t\t\t\t\t\t\t\t\t\t\t\t\t<\/div>\n\t\t\t\t<\/div>\n\t\t\t\t<div class=\"elementor-element elementor-element-54228b4 elementor-invisible elementor-widget elementor-widget-heading\" data-id=\"54228b4\" data-element_type=\"widget\" data-settings=\"{&quot;_animation&quot;:&quot;fadeInUp&quot;}\" data-widget_type=\"heading.default\">\n\t\t\t\t<div class=\"elementor-widget-container\">\n\t\t\t<h1 class=\"elementor-heading-title elementor-size-default\">Porad\u00edme v\u00e1m<\/h1>\t\t<\/div>\n\t\t\t\t<\/div>\n\t\t\t\t\t<\/div>\n\t\t<\/div>\n\t\t\t\t\t<\/div>\n\t\t<\/section>\n\t\t\t\t<section class=\"wd-negative-gap elementor-section elementor-top-section elementor-element elementor-element-5ce8f57 elementor-section-full_width elementor-section-stretched since since2 elementor-section-height-default elementor-section-height-default\" data-id=\"5ce8f57\" data-element_type=\"section\" data-settings=\"{&quot;stretch_section&quot;:&quot;section-stretched&quot;}\">\n\t\t\t\t\t\t<div class=\"elementor-container elementor-column-gap-default\">\n\t\t\t\t\t<div class=\"elementor-column elementor-col-100 elementor-top-column elementor-element elementor-element-f797f82\" data-id=\"f797f82\" data-element_type=\"column\">\n\t\t\t<div class=\"elementor-widget-wrap elementor-element-populated\">\n\t\t\t\t\t\t<div class=\"elementor-element elementor-element-c6cf7ed elementor-widget elementor-widget-html\" data-id=\"c6cf7ed\" data-element_type=\"widget\" data-widget_type=\"html.default\">\n\t\t\t\t<div class=\"elementor-widget-container\">\n\t\t\tOD ROKU <b>1990<\/b>\t\t<\/div>\n\t\t\t\t<\/div>\n\t\t\t\t\t<\/div>\n\t\t<\/div>\n\t\t\t\t\t<\/div>\n\t\t<\/section>\n\t\t\t\t<section class=\"wd-negative-gap elementor-section elementor-top-section elementor-element elementor-element-206ec69 helpmy elementor-section-boxed elementor-section-height-default elementor-section-height-default\" data-id=\"206ec69\" data-element_type=\"section\">\n\t\t\t\t\t\t<div class=\"elementor-container elementor-column-gap-default\">\n\t\t\t\t\t<div class=\"elementor-column elementor-col-100 elementor-top-column elementor-element elementor-element-e0d6bab\" data-id=\"e0d6bab\" data-element_type=\"column\">\n\t\t\t<div class=\"elementor-widget-wrap elementor-element-populated\">\n\t\t\t\t\t\t<div class=\"elementor-element elementor-element-e901a8b elementor-widget elementor-widget-toggle\" data-id=\"e901a8b\" data-element_type=\"widget\" data-widget_type=\"toggle.default\">\n\t\t\t\t<div class=\"elementor-widget-container\">\n\t\t\t\t\t<div class=\"elementor-toggle\">\n\t\t\t\t\t\t\t<div class=\"elementor-toggle-item\">\n\t\t\t\t\t<div id=\"elementor-tab-title-2441\" class=\"elementor-tab-title\" data-tab=\"1\" role=\"button\" aria-controls=\"elementor-tab-content-2441\" aria-expanded=\"false\">\n\t\t\t\t\t\t\t\t\t\t\t\t<span class=\"elementor-toggle-icon elementor-toggle-icon-right\" aria-hidden=\"true\">\n\t\t\t\t\t\t\t\t\t\t\t\t\t\t\t<span class=\"elementor-toggle-icon-closed\"><i class=\"fas fa-plus\"><\/i><\/span>\n\t\t\t\t\t\t\t\t<span class=\"elementor-toggle-icon-opened\"><i class=\"elementor-toggle-icon-opened fas fa-window-minimize\"><\/i><\/span>\n\t\t\t\t\t\t\t\t\t\t\t\t\t<\/span>\n\t\t\t\t\t\t\t\t\t\t\t\t<a class=\"elementor-toggle-title\" tabindex=\"0\">Co je zahrnuto v cen\u011b klimatizace?<\/a>\n\t\t\t\t\t<\/div>\n\n\t\t\t\t\t<div id=\"elementor-tab-content-2441\" class=\"elementor-tab-content elementor-clearfix\" data-tab=\"1\" role=\"region\" aria-labelledby=\"elementor-tab-title-2441\"><p>Cena n\u00e1st\u011bnn\u00e9 klimatizace zahrnuje vnit\u0159n\u00ed a venkovn\u00ed jednotku a \u0159\u00eddic\u00ed jednotku.<\/p>\n<\/div>\n\t\t\t\t<\/div>\n\t\t\t\t\t\t\t<div class=\"elementor-toggle-item\">\n\t\t\t\t\t<div id=\"elementor-tab-title-2442\" class=\"elementor-tab-title\" data-tab=\"2\" role=\"button\" aria-controls=\"elementor-tab-content-2442\" aria-expanded=\"false\">\n\t\t\t\t\t\t\t\t\t\t\t\t<span class=\"elementor-toggle-icon elementor-toggle-icon-right\" aria-hidden=\"true\">\n\t\t\t\t\t\t\t\t\t\t\t\t\t\t\t<span class=\"elementor-toggle-icon-closed\"><i class=\"fas fa-plus\"><\/i><\/span>\n\t\t\t\t\t\t\t\t<span class=\"elementor-toggle-icon-opened\"><i class=\"elementor-toggle-icon-opened fas fa-window-minimize\"><\/i><\/span>\n\t\t\t\t\t\t\t\t\t\t\t\t\t<\/span>\n\t\t\t\t\t\t\t\t\t\t\t\t<a class=\"elementor-toggle-title\" tabindex=\"0\">Je instalace zahrnuta v cen\u011b klimatizace?<\/a>\n\t\t\t\t\t<\/div>\n\n\t\t\t\t\t<div id=\"elementor-tab-content-2442\" class=\"elementor-tab-content elementor-clearfix\" data-tab=\"2\" role=\"region\" aria-labelledby=\"elementor-tab-title-2442\"><p>Ne. Cena uveden\u00e1 v obchod\u011b za ka\u017edou klimatizaci zahrnuje vnit\u0159n\u00ed jednotku, venkovn\u00ed jednotku a ve v\u011bt\u0161in\u011b p\u0159\u00edpad\u016f i \u0159\u00eddic\u00ed jednotku. Cena za instalaci je kalkulov\u00e1na jako samostatn\u00e1 polo\u017eka.  <\/p>\n<\/div>\n\t\t\t\t<\/div>\n\t\t\t\t\t\t\t<div class=\"elementor-toggle-item\">\n\t\t\t\t\t<div id=\"elementor-tab-title-2443\" class=\"elementor-tab-title\" data-tab=\"3\" role=\"button\" aria-controls=\"elementor-tab-content-2443\" aria-expanded=\"false\">\n\t\t\t\t\t\t\t\t\t\t\t\t<span class=\"elementor-toggle-icon elementor-toggle-icon-right\" aria-hidden=\"true\">\n\t\t\t\t\t\t\t\t\t\t\t\t\t\t\t<span class=\"elementor-toggle-icon-closed\"><i class=\"fas fa-plus\"><\/i><\/span>\n\t\t\t\t\t\t\t\t<span class=\"elementor-toggle-icon-opened\"><i class=\"elementor-toggle-icon-opened fas fa-window-minimize\"><\/i><\/span>\n\t\t\t\t\t\t\t\t\t\t\t\t\t<\/span>\n\t\t\t\t\t\t\t\t\t\t\t\t<a class=\"elementor-toggle-title\" tabindex=\"0\">Co je zahrnuto v cen\u011b instalace?<\/a>\n\t\t\t\t\t<\/div>\n\n\t\t\t\t\t<div id=\"elementor-tab-content-2443\" class=\"elementor-tab-content elementor-clearfix\" data-tab=\"3\" role=\"region\" aria-labelledby=\"elementor-tab-title-2443\"><p>Cena za standardn\u00ed instalaci zahrnuje instalaci venkovn\u00ed a vnit\u0159n\u00ed jednotky do vzd\u00e1lenosti 4 m. P\u0159i del\u0161\u00ed vzd\u00e1lenosti se cena m\u011bn\u00ed kv\u016fli del\u0161\u00edmu potrub\u00ed a nutnosti doplnit chladivo. <\/p>\n<p>V p\u0159\u00edpad\u011b nestandardn\u00edch instalac\u00ed, nutnosti pou\u017eit\u00ed le\u0161en\u00ed, plo\u0161in nebo v p\u0159\u00edpad\u011b v\u00fd\u0161kov\u00fdch prac\u00ed je cena stanovena individu\u00e1ln\u011b.<\/p>\n<\/div>\n\t\t\t\t<\/div>\n\t\t\t\t\t\t\t<div class=\"elementor-toggle-item\">\n\t\t\t\t\t<div id=\"elementor-tab-title-2444\" class=\"elementor-tab-title\" data-tab=\"4\" role=\"button\" aria-controls=\"elementor-tab-content-2444\" aria-expanded=\"false\">\n\t\t\t\t\t\t\t\t\t\t\t\t<span class=\"elementor-toggle-icon elementor-toggle-icon-right\" aria-hidden=\"true\">\n\t\t\t\t\t\t\t\t\t\t\t\t\t\t\t<span class=\"elementor-toggle-icon-closed\"><i class=\"fas fa-plus\"><\/i><\/span>\n\t\t\t\t\t\t\t\t<span class=\"elementor-toggle-icon-opened\"><i class=\"elementor-toggle-icon-opened fas fa-window-minimize\"><\/i><\/span>\n\t\t\t\t\t\t\t\t\t\t\t\t\t<\/span>\n\t\t\t\t\t\t\t\t\t\t\t\t<a class=\"elementor-toggle-title\" tabindex=\"0\">Prov\u00e1d\u00edte tak\u00e9 p\u0159ed\u00fapravu klimatizace?<\/a>\n\t\t\t\t\t<\/div>\n\n\t\t\t\t\t<div id=\"elementor-tab-content-2444\" class=\"elementor-tab-content elementor-clearfix\" data-tab=\"4\" role=\"region\" aria-labelledby=\"elementor-tab-title-2444\"><p>Ano, m\u00e1me. Nej\u010dast\u011bji se jedn\u00e1 o 70 % n\u00e1klad\u016f na standardn\u00ed instalaci klimatizace a n\u00e1klady na potrub\u00ed s chladivem v z\u00e1vislosti na d\u00e9lce pot\u0159ebn\u00e9 trasy. <\/p>\n<p>Klimatizaci lze tak\u00e9 dodate\u010dn\u011b instalovat bez stavebn\u00edch \u00faprav. Pot\u0159ebn\u00e9 instalace jsou skryty v podom\u00edtkov\u00fdch krabic\u00edch, tak\u017ee nenaru\u0161uj\u00ed vzhled interi\u00e9ru. <\/p>\n<\/div>\n\t\t\t\t<\/div>\n\t\t\t\t\t\t\t<div class=\"elementor-toggle-item\">\n\t\t\t\t\t<div id=\"elementor-tab-title-2445\" class=\"elementor-tab-title\" data-tab=\"5\" role=\"button\" aria-controls=\"elementor-tab-content-2445\" aria-expanded=\"false\">\n\t\t\t\t\t\t\t\t\t\t\t\t<span class=\"elementor-toggle-icon elementor-toggle-icon-right\" aria-hidden=\"true\">\n\t\t\t\t\t\t\t\t\t\t\t\t\t\t\t<span class=\"elementor-toggle-icon-closed\"><i class=\"fas fa-plus\"><\/i><\/span>\n\t\t\t\t\t\t\t\t<span class=\"elementor-toggle-icon-opened\"><i class=\"elementor-toggle-icon-opened fas fa-window-minimize\"><\/i><\/span>\n\t\t\t\t\t\t\t\t\t\t\t\t\t<\/span>\n\t\t\t\t\t\t\t\t\t\t\t\t<a class=\"elementor-toggle-title\" tabindex=\"0\">Prov\u00e1d\u00edte tak\u00e9 instalaci klimatizace, kterou jste nezakoupili?<\/a>\n\t\t\t\t\t<\/div>\n\n\t\t\t\t\t<div id=\"elementor-tab-content-2445\" class=\"elementor-tab-content elementor-clearfix\" data-tab=\"5\" role=\"region\" aria-labelledby=\"elementor-tab-title-2445\"><p>Tyto po\u017eadavky posuzujeme jednotliv\u011b. Z\u00e1le\u017e\u00ed na ro\u010dn\u00edm obdob\u00ed a dostupnosti na\u0161ich technik\u016f. <\/p>\n<\/div>\n\t\t\t\t<\/div>\n\t\t\t\t\t\t\t<div class=\"elementor-toggle-item\">\n\t\t\t\t\t<div id=\"elementor-tab-title-2446\" class=\"elementor-tab-title\" data-tab=\"6\" role=\"button\" aria-controls=\"elementor-tab-content-2446\" aria-expanded=\"false\">\n\t\t\t\t\t\t\t\t\t\t\t\t<span class=\"elementor-toggle-icon elementor-toggle-icon-right\" aria-hidden=\"true\">\n\t\t\t\t\t\t\t\t\t\t\t\t\t\t\t<span class=\"elementor-toggle-icon-closed\"><i class=\"fas fa-plus\"><\/i><\/span>\n\t\t\t\t\t\t\t\t<span class=\"elementor-toggle-icon-opened\"><i class=\"elementor-toggle-icon-opened fas fa-window-minimize\"><\/i><\/span>\n\t\t\t\t\t\t\t\t\t\t\t\t\t<\/span>\n\t\t\t\t\t\t\t\t\t\t\t\t<a class=\"elementor-toggle-title\" tabindex=\"0\">Je nutn\u00fd pr\u016fzkum na m\u00edst\u011b?<\/a>\n\t\t\t\t\t<\/div>\n\n\t\t\t\t\t<div id=\"elementor-tab-content-2446\" class=\"elementor-tab-content elementor-clearfix\" data-tab=\"6\" role=\"region\" aria-labelledby=\"elementor-tab-title-2446\"><p>Ano, n\u00e1v\u0161t\u011bva na m\u00edst\u011b je nutn\u00e1 pro p\u0159esn\u011bj\u0161\u00ed nab\u00eddku, ur\u010den\u00ed konkr\u00e9tn\u00edch po\u017eadavk\u016f a usnadn\u011bn\u00ed procesu instalace. Ve v\u00fdjime\u010dn\u00fdch p\u0159\u00edpadech se instalace prov\u00e1d\u00ed bez prohl\u00eddky. <\/p>\n<\/div>\n\t\t\t\t<\/div>\n\t\t\t\t\t\t\t<div class=\"elementor-toggle-item\">\n\t\t\t\t\t<div id=\"elementor-tab-title-2447\" class=\"elementor-tab-title\" data-tab=\"7\" role=\"button\" aria-controls=\"elementor-tab-content-2447\" aria-expanded=\"false\">\n\t\t\t\t\t\t\t\t\t\t\t\t<span class=\"elementor-toggle-icon elementor-toggle-icon-right\" aria-hidden=\"true\">\n\t\t\t\t\t\t\t\t\t\t\t\t\t\t\t<span class=\"elementor-toggle-icon-closed\"><i class=\"fas fa-plus\"><\/i><\/span>\n\t\t\t\t\t\t\t\t<span class=\"elementor-toggle-icon-opened\"><i class=\"elementor-toggle-icon-opened fas fa-window-minimize\"><\/i><\/span>\n\t\t\t\t\t\t\t\t\t\t\t\t\t<\/span>\n\t\t\t\t\t\t\t\t\t\t\t\t<a class=\"elementor-toggle-title\" tabindex=\"0\">Pokud si u v\u00e1s objedn\u00e1m klimatizaci, jak rychle ji m\u016f\u017eete nainstalovat od okam\u017eiku objedn\u00e1n\u00ed?<\/a>\n\t\t\t\t\t<\/div>\n\n\t\t\t\t\t<div id=\"elementor-tab-content-2447\" class=\"elementor-tab-content elementor-clearfix\" data-tab=\"7\" role=\"region\" aria-labelledby=\"elementor-tab-title-2447\"><p>V z\u00e1vislosti na skladov\u00fdch z\u00e1sob\u00e1ch a dostupn\u00fdch mont\u00e1\u017en\u00edch kapacit\u00e1ch m\u016f\u017eeme klimatizaci dodat a nainstalovat ve v\u011bt\u0161in\u011b p\u0159\u00edpad\u016f do 5 dn\u016f od z\u00e1vazn\u00e9 objedn\u00e1vky.<\/p>\n<\/div>\n\t\t\t\t<\/div>\n\t\t\t\t\t\t\t<div class=\"elementor-toggle-item\">\n\t\t\t\t\t<div id=\"elementor-tab-title-2448\" class=\"elementor-tab-title\" data-tab=\"8\" role=\"button\" aria-controls=\"elementor-tab-content-2448\" aria-expanded=\"false\">\n\t\t\t\t\t\t\t\t\t\t\t\t<span class=\"elementor-toggle-icon elementor-toggle-icon-right\" aria-hidden=\"true\">\n\t\t\t\t\t\t\t\t\t\t\t\t\t\t\t<span class=\"elementor-toggle-icon-closed\"><i class=\"fas fa-plus\"><\/i><\/span>\n\t\t\t\t\t\t\t\t<span class=\"elementor-toggle-icon-opened\"><i class=\"elementor-toggle-icon-opened fas fa-window-minimize\"><\/i><\/span>\n\t\t\t\t\t\t\t\t\t\t\t\t\t<\/span>\n\t\t\t\t\t\t\t\t\t\t\t\t<a class=\"elementor-toggle-title\" tabindex=\"0\">Prov\u00e1d\u00edte servis klimatizac\u00ed?<\/a>\n\t\t\t\t\t<\/div>\n\n\t\t\t\t\t<div id=\"elementor-tab-content-2448\" class=\"elementor-tab-content elementor-clearfix\" data-tab=\"8\" role=\"region\" aria-labelledby=\"elementor-tab-title-2448\"><p>Ano, prov\u00e1d\u00edme tak\u00e9 servis klimatizac\u00ed. Standardn\u00ed servis klimatizace stoj\u00ed 80 \u20ac. Jedn\u00e1 se o z\u00e1kladn\u00ed cenu, kter\u00e1 je fakturov\u00e1na p\u0159i ka\u017ed\u00e9m v\u00fdjezdu bez ohledu na to, zda se jedn\u00e1 o b\u011b\u017en\u00e9 \u010di\u0161t\u011bn\u00ed klimatizace, opravu na m\u00edst\u011b nebo jen diagnostiku z\u00e1vady. R\u00e1di v\u00e1m porad\u00edme s jak\u00fdmikoliv servisn\u00edmi dotazy a nacen\u00edme i individu\u00e1ln\u00ed po\u017eadavky.   <\/p>\n<\/div>\n\t\t\t\t<\/div>\n\t\t\t\t\t\t\t<div class=\"elementor-toggle-item\">\n\t\t\t\t\t<div id=\"elementor-tab-title-2449\" class=\"elementor-tab-title\" data-tab=\"9\" role=\"button\" aria-controls=\"elementor-tab-content-2449\" aria-expanded=\"false\">\n\t\t\t\t\t\t\t\t\t\t\t\t<span class=\"elementor-toggle-icon elementor-toggle-icon-right\" aria-hidden=\"true\">\n\t\t\t\t\t\t\t\t\t\t\t\t\t\t\t<span class=\"elementor-toggle-icon-closed\"><i class=\"fas fa-plus\"><\/i><\/span>\n\t\t\t\t\t\t\t\t<span class=\"elementor-toggle-icon-opened\"><i class=\"elementor-toggle-icon-opened fas fa-window-minimize\"><\/i><\/span>\n\t\t\t\t\t\t\t\t\t\t\t\t\t<\/span>\n\t\t\t\t\t\t\t\t\t\t\t\t<a class=\"elementor-toggle-title\" tabindex=\"0\">Prov\u00e1d\u00edte servis mobiln\u00edch klimatizac\u00ed?<\/a>\n\t\t\t\t\t<\/div>\n\n\t\t\t\t\t<div id=\"elementor-tab-content-2449\" class=\"elementor-tab-content elementor-clearfix\" data-tab=\"9\" role=\"region\" aria-labelledby=\"elementor-tab-title-2449\"><p>Ne, nem\u00e1me.<\/p>\n<\/div>\n\t\t\t\t<\/div>\n\t\t\t\t\t\t\t<div class=\"elementor-toggle-item\">\n\t\t\t\t\t<div id=\"elementor-tab-title-24410\" class=\"elementor-tab-title\" data-tab=\"10\" role=\"button\" aria-controls=\"elementor-tab-content-24410\" aria-expanded=\"false\">\n\t\t\t\t\t\t\t\t\t\t\t\t<span class=\"elementor-toggle-icon elementor-toggle-icon-right\" aria-hidden=\"true\">\n\t\t\t\t\t\t\t\t\t\t\t\t\t\t\t<span class=\"elementor-toggle-icon-closed\"><i class=\"fas fa-plus\"><\/i><\/span>\n\t\t\t\t\t\t\t\t<span class=\"elementor-toggle-icon-opened\"><i class=\"elementor-toggle-icon-opened fas fa-window-minimize\"><\/i><\/span>\n\t\t\t\t\t\t\t\t\t\t\t\t\t<\/span>\n\t\t\t\t\t\t\t\t\t\t\t\t<a class=\"elementor-toggle-title\" tabindex=\"0\">Jak je to s dod\u00e1vkou klimatizace?<\/a>\n\t\t\t\t\t<\/div>\n\n\t\t\t\t\t<div id=\"elementor-tab-content-24410\" class=\"elementor-tab-content elementor-clearfix\" data-tab=\"10\" role=\"region\" aria-labelledby=\"elementor-tab-title-24410\"><p>Pokud jste si objednali klimatizaci bez instalace, bude v\u00e1m doru\u010dena kur\u00fdrem.<\/p>\n<p>Pokud jste si objednali tak\u00e9 instalaci, p\u0159ivezou v\u00e1m klimatizaci v den instalace technici, kte\u0159\u00ed zajist\u00ed jej\u00ed odvoz do bytu. Kur\u00fdr doru\u010d\u00ed klimatizaci hned za 1. dve\u0159e. Tot\u00e9\u017e plat\u00ed pro tepeln\u00e9 \u010derpadlo.   <\/p>\n<\/div>\n\t\t\t\t<\/div>\n\t\t\t\t\t\t\t<div class=\"elementor-toggle-item\">\n\t\t\t\t\t<div id=\"elementor-tab-title-24411\" class=\"elementor-tab-title\" data-tab=\"11\" role=\"button\" aria-controls=\"elementor-tab-content-24411\" aria-expanded=\"false\">\n\t\t\t\t\t\t\t\t\t\t\t\t<span class=\"elementor-toggle-icon elementor-toggle-icon-right\" aria-hidden=\"true\">\n\t\t\t\t\t\t\t\t\t\t\t\t\t\t\t<span class=\"elementor-toggle-icon-closed\"><i class=\"fas fa-plus\"><\/i><\/span>\n\t\t\t\t\t\t\t\t<span class=\"elementor-toggle-icon-opened\"><i class=\"elementor-toggle-icon-opened fas fa-window-minimize\"><\/i><\/span>\n\t\t\t\t\t\t\t\t\t\t\t\t\t<\/span>\n\t\t\t\t\t\t\t\t\t\t\t\t<a class=\"elementor-toggle-title\" tabindex=\"0\">Je mo\u017en\u00e9 si klimatizaci nebo jin\u00e9 zbo\u017e\u00ed vyzvednout osobn\u011b?<\/a>\n\t\t\t\t\t<\/div>\n\n\t\t\t\t\t<div id=\"elementor-tab-content-24411\" class=\"elementor-tab-content elementor-clearfix\" data-tab=\"11\" role=\"region\" aria-labelledby=\"elementor-tab-title-24411\"><p>Ne, bohu\u017eel nem\u016f\u017eeme zajistit, aby byl skladn\u00edk dostupn\u00fd b\u011bhem cel\u00e9 pracovn\u00ed doby.<\/p>\n<\/div>\n\t\t\t\t<\/div>\n\t\t\t\t\t\t\t<div class=\"elementor-toggle-item\">\n\t\t\t\t\t<div id=\"elementor-tab-title-24412\" class=\"elementor-tab-title\" data-tab=\"12\" role=\"button\" aria-controls=\"elementor-tab-content-24412\" aria-expanded=\"false\">\n\t\t\t\t\t\t\t\t\t\t\t\t<span class=\"elementor-toggle-icon elementor-toggle-icon-right\" aria-hidden=\"true\">\n\t\t\t\t\t\t\t\t\t\t\t\t\t\t\t<span class=\"elementor-toggle-icon-closed\"><i class=\"fas fa-plus\"><\/i><\/span>\n\t\t\t\t\t\t\t\t<span class=\"elementor-toggle-icon-opened\"><i class=\"elementor-toggle-icon-opened fas fa-window-minimize\"><\/i><\/span>\n\t\t\t\t\t\t\t\t\t\t\t\t\t<\/span>\n\t\t\t\t\t\t\t\t\t\t\t\t<a class=\"elementor-toggle-title\" tabindex=\"0\">Dod\u00e1v\u00e1te klimatizace i o v\u00edkendech?<\/a>\n\t\t\t\t\t<\/div>\n\n\t\t\t\t\t<div id=\"elementor-tab-content-24412\" class=\"elementor-tab-content elementor-clearfix\" data-tab=\"12\" role=\"region\" aria-labelledby=\"elementor-tab-title-24412\"><p>Ne, o v\u00edkendech samostatn\u00e9 doru\u010dov\u00e1n\u00ed neprov\u00e1d\u00edme. Na va\u0161e p\u0159\u00e1n\u00ed v\u0161ak m\u016f\u017eeme zajistit instalaci klimatizace (s dod\u00e1vkou) o v\u00edkendu. Jedn\u00e1 se o dopl\u0148kovou slu\u017ebu.  <\/p>\n<\/div>\n\t\t\t\t<\/div>\n\t\t\t\t\t\t\t<div class=\"elementor-toggle-item\">\n\t\t\t\t\t<div id=\"elementor-tab-title-24413\" class=\"elementor-tab-title\" data-tab=\"13\" role=\"button\" aria-controls=\"elementor-tab-content-24413\" aria-expanded=\"false\">\n\t\t\t\t\t\t\t\t\t\t\t\t<span class=\"elementor-toggle-icon elementor-toggle-icon-right\" aria-hidden=\"true\">\n\t\t\t\t\t\t\t\t\t\t\t\t\t\t\t<span class=\"elementor-toggle-icon-closed\"><i class=\"fas fa-plus\"><\/i><\/span>\n\t\t\t\t\t\t\t\t<span class=\"elementor-toggle-icon-opened\"><i class=\"elementor-toggle-icon-opened fas fa-window-minimize\"><\/i><\/span>\n\t\t\t\t\t\t\t\t\t\t\t\t\t<\/span>\n\t\t\t\t\t\t\t\t\t\t\t\t<a class=\"elementor-toggle-title\" tabindex=\"0\">Je cena v\u00fdrobk\u016f ji\u017e s dod\u00e1n\u00edm?<\/a>\n\t\t\t\t\t<\/div>\n\n\t\t\t\t\t<div id=\"elementor-tab-content-24413\" class=\"elementor-tab-content elementor-clearfix\" data-tab=\"13\" role=\"region\" aria-labelledby=\"elementor-tab-title-24413\"><p>Okresy Malacky, Senica a Skalica maj\u00ed cenu dod\u00e1vky zahrnutou v cen\u011b v\u00fdrobku. U ostatn\u00edch okres\u016f je doru\u010den\u00ed zpoplatn\u011bno, konkr\u00e9tn\u00ed sazba je uvedena p\u0159i objedn\u00e1vce v\u00fdrobku. <\/p>\n<\/div>\n\t\t\t\t<\/div>\n\t\t\t\t\t\t\t<div class=\"elementor-toggle-item\">\n\t\t\t\t\t<div id=\"elementor-tab-title-24414\" class=\"elementor-tab-title\" data-tab=\"14\" role=\"button\" aria-controls=\"elementor-tab-content-24414\" aria-expanded=\"false\">\n\t\t\t\t\t\t\t\t\t\t\t\t<span class=\"elementor-toggle-icon elementor-toggle-icon-right\" aria-hidden=\"true\">\n\t\t\t\t\t\t\t\t\t\t\t\t\t\t\t<span class=\"elementor-toggle-icon-closed\"><i class=\"fas fa-plus\"><\/i><\/span>\n\t\t\t\t\t\t\t\t<span class=\"elementor-toggle-icon-opened\"><i class=\"elementor-toggle-icon-opened fas fa-window-minimize\"><\/i><\/span>\n\t\t\t\t\t\t\t\t\t\t\t\t\t<\/span>\n\t\t\t\t\t\t\t\t\t\t\t\t<a class=\"elementor-toggle-title\" tabindex=\"0\">Pro\u010d mus\u00edm n\u011bkdy zaplatit celou z\u00e1lohu za zbo\u017e\u00ed p\u0159edem?<\/a>\n\t\t\t\t\t<\/div>\n\n\t\t\t\t\t<div id=\"elementor-tab-content-24414\" class=\"elementor-tab-content elementor-clearfix\" data-tab=\"14\" role=\"region\" aria-labelledby=\"elementor-tab-title-24414\"><p>\u010c\u00e1st zbo\u017e\u00ed mus\u00ed b\u00fdt vzhledem k platebn\u00edm podm\u00ednk\u00e1m dodavatele uhrazena p\u0159edem v pln\u00e9 v\u00fd\u0161i.<\/p>\n<\/div>\n\t\t\t\t<\/div>\n\t\t\t\t\t\t\t<div class=\"elementor-toggle-item\">\n\t\t\t\t\t<div id=\"elementor-tab-title-24415\" class=\"elementor-tab-title\" data-tab=\"15\" role=\"button\" aria-controls=\"elementor-tab-content-24415\" aria-expanded=\"false\">\n\t\t\t\t\t\t\t\t\t\t\t\t<span class=\"elementor-toggle-icon elementor-toggle-icon-right\" aria-hidden=\"true\">\n\t\t\t\t\t\t\t\t\t\t\t\t\t\t\t<span class=\"elementor-toggle-icon-closed\"><i class=\"fas fa-plus\"><\/i><\/span>\n\t\t\t\t\t\t\t\t<span class=\"elementor-toggle-icon-opened\"><i class=\"elementor-toggle-icon-opened fas fa-window-minimize\"><\/i><\/span>\n\t\t\t\t\t\t\t\t\t\t\t\t\t<\/span>\n\t\t\t\t\t\t\t\t\t\t\t\t<a class=\"elementor-toggle-title\" tabindex=\"0\">Jak mohu zaplatit?<\/a>\n\t\t\t\t\t<\/div>\n\n\t\t\t\t\t<div id=\"elementor-tab-content-24415\" class=\"elementor-tab-content elementor-clearfix\" data-tab=\"15\" role=\"region\" aria-labelledby=\"elementor-tab-title-24415\"><p>V na\u0161em e-shopu m\u016f\u017eete platit kreditn\u00ed kartou.<\/p>\n<\/div>\n\t\t\t\t<\/div>\n\t\t\t\t\t\t\t<div class=\"elementor-toggle-item\">\n\t\t\t\t\t<div id=\"elementor-tab-title-24416\" class=\"elementor-tab-title\" data-tab=\"16\" role=\"button\" aria-controls=\"elementor-tab-content-24416\" aria-expanded=\"false\">\n\t\t\t\t\t\t\t\t\t\t\t\t<span class=\"elementor-toggle-icon elementor-toggle-icon-right\" aria-hidden=\"true\">\n\t\t\t\t\t\t\t\t\t\t\t\t\t\t\t<span class=\"elementor-toggle-icon-closed\"><i class=\"fas fa-plus\"><\/i><\/span>\n\t\t\t\t\t\t\t\t<span class=\"elementor-toggle-icon-opened\"><i class=\"elementor-toggle-icon-opened fas fa-window-minimize\"><\/i><\/span>\n\t\t\t\t\t\t\t\t\t\t\t\t\t<\/span>\n\t\t\t\t\t\t\t\t\t\t\t\t<a class=\"elementor-toggle-title\" tabindex=\"0\">Jak si mohu objednat slu\u017ebu?<\/a>\n\t\t\t\t\t<\/div>\n\n\t\t\t\t\t<div id=\"elementor-tab-content-24416\" class=\"elementor-tab-content elementor-clearfix\" data-tab=\"16\" role=\"region\" aria-labelledby=\"elementor-tab-title-24416\"><p>M\u00e1te-li z\u00e1jem o objedn\u00e1n\u00ed slu\u017eby, vypl\u0148te kontaktn\u00ed formul\u00e1\u0159 na str\u00e1nce Slu\u017eby.<\/p>\n<\/div>\n\t\t\t\t<\/div>\n\t\t\t\t\t\t\t<div class=\"elementor-toggle-item\">\n\t\t\t\t\t<div id=\"elementor-tab-title-24417\" class=\"elementor-tab-title\" data-tab=\"17\" role=\"button\" aria-controls=\"elementor-tab-content-24417\" aria-expanded=\"false\">\n\t\t\t\t\t\t\t\t\t\t\t\t<span class=\"elementor-toggle-icon elementor-toggle-icon-right\" aria-hidden=\"true\">\n\t\t\t\t\t\t\t\t\t\t\t\t\t\t\t<span class=\"elementor-toggle-icon-closed\"><i class=\"fas fa-plus\"><\/i><\/span>\n\t\t\t\t\t\t\t\t<span class=\"elementor-toggle-icon-opened\"><i class=\"elementor-toggle-icon-opened fas fa-window-minimize\"><\/i><\/span>\n\t\t\t\t\t\t\t\t\t\t\t\t\t<\/span>\n\t\t\t\t\t\t\t\t\t\t\t\t<a class=\"elementor-toggle-title\" tabindex=\"0\">Jak prob\u00edh\u00e1 platba?<\/a>\n\t\t\t\t\t<\/div>\n\n\t\t\t\t\t<div id=\"elementor-tab-content-24417\" class=\"elementor-tab-content elementor-clearfix\" data-tab=\"17\" role=\"region\" aria-labelledby=\"elementor-tab-title-24417\"><p>Online platba se prov\u00e1d\u00ed prost\u0159ednictv\u00edm zabezpe\u010den\u00e9 platebn\u00ed br\u00e1ny.<\/p>\n<\/div>\n\t\t\t\t<\/div>\n\t\t\t\t\t\t\t\t\t\t<script type=\"application\/ld+json\">{\"@context\":\"https:\\\/\\\/schema.org\",\"@type\":\"FAQPage\",\"mainEntity\":[{\"@type\":\"Question\",\"name\":\"Co je zahrnuto v cen\\u011b klimatizace?\",\"acceptedAnswer\":{\"@type\":\"Answer\",\"text\":\"<p>Cena n\\u00e1st\\u011bnn\\u00e9 klimatizace zahrnuje vnit\\u0159n\\u00ed a venkovn\\u00ed jednotku a \\u0159\\u00eddic\\u00ed jednotku.<\\\/p>\\n\"}},{\"@type\":\"Question\",\"name\":\"Je instalace zahrnuta v cen\\u011b klimatizace?\",\"acceptedAnswer\":{\"@type\":\"Answer\",\"text\":\"<p>Ne. Cena uveden\\u00e1 v obchod\\u011b za ka\\u017edou klimatizaci zahrnuje vnit\\u0159n\\u00ed jednotku, venkovn\\u00ed jednotku a ve v\\u011bt\\u0161in\\u011b p\\u0159\\u00edpad\\u016f i \\u0159\\u00eddic\\u00ed jednotku. Cena za instalaci je kalkulov\\u00e1na jako samostatn\\u00e1 polo\\u017eka.  <\\\/p>\\n\"}},{\"@type\":\"Question\",\"name\":\"Co je zahrnuto v cen\\u011b instalace?\",\"acceptedAnswer\":{\"@type\":\"Answer\",\"text\":\"<p>Cena za standardn\\u00ed instalaci zahrnuje instalaci venkovn\\u00ed a vnit\\u0159n\\u00ed jednotky do vzd\\u00e1lenosti 4 m. P\\u0159i del\\u0161\\u00ed vzd\\u00e1lenosti se cena m\\u011bn\\u00ed kv\\u016fli del\\u0161\\u00edmu potrub\\u00ed a nutnosti doplnit chladivo. <\\\/p>\\n<p>V p\\u0159\\u00edpad\\u011b nestandardn\\u00edch instalac\\u00ed, nutnosti pou\\u017eit\\u00ed le\\u0161en\\u00ed, plo\\u0161in nebo v p\\u0159\\u00edpad\\u011b v\\u00fd\\u0161kov\\u00fdch prac\\u00ed je cena stanovena individu\\u00e1ln\\u011b.<\\\/p>\\n\"}},{\"@type\":\"Question\",\"name\":\"Prov\\u00e1d\\u00edte tak\\u00e9 p\\u0159ed\\u00fapravu klimatizace?\",\"acceptedAnswer\":{\"@type\":\"Answer\",\"text\":\"<p>Ano, m\\u00e1me. Nej\\u010dast\\u011bji se jedn\\u00e1 o 70 % n\\u00e1klad\\u016f na standardn\\u00ed instalaci klimatizace a n\\u00e1klady na potrub\\u00ed s chladivem v z\\u00e1vislosti na d\\u00e9lce pot\\u0159ebn\\u00e9 trasy. <\\\/p>\\n<p>Klimatizaci lze tak\\u00e9 dodate\\u010dn\\u011b instalovat bez stavebn\\u00edch \\u00faprav. Pot\\u0159ebn\\u00e9 instalace jsou skryty v podom\\u00edtkov\\u00fdch krabic\\u00edch, tak\\u017ee nenaru\\u0161uj\\u00ed vzhled interi\\u00e9ru. <\\\/p>\\n\"}},{\"@type\":\"Question\",\"name\":\"Prov\\u00e1d\\u00edte tak\\u00e9 instalaci klimatizace, kterou jste nezakoupili?\",\"acceptedAnswer\":{\"@type\":\"Answer\",\"text\":\"<p>Tyto po\\u017eadavky posuzujeme jednotliv\\u011b. Z\\u00e1le\\u017e\\u00ed na ro\\u010dn\\u00edm obdob\\u00ed a dostupnosti na\\u0161ich technik\\u016f. <\\\/p>\\n\"}},{\"@type\":\"Question\",\"name\":\"Je nutn\\u00fd pr\\u016fzkum na m\\u00edst\\u011b?\",\"acceptedAnswer\":{\"@type\":\"Answer\",\"text\":\"<p>Ano, n\\u00e1v\\u0161t\\u011bva na m\\u00edst\\u011b je nutn\\u00e1 pro p\\u0159esn\\u011bj\\u0161\\u00ed nab\\u00eddku, ur\\u010den\\u00ed konkr\\u00e9tn\\u00edch po\\u017eadavk\\u016f a usnadn\\u011bn\\u00ed procesu instalace. Ve v\\u00fdjime\\u010dn\\u00fdch p\\u0159\\u00edpadech se instalace prov\\u00e1d\\u00ed bez prohl\\u00eddky. <\\\/p>\\n\"}},{\"@type\":\"Question\",\"name\":\"Pokud si u v\\u00e1s objedn\\u00e1m klimatizaci, jak rychle ji m\\u016f\\u017eete nainstalovat od okam\\u017eiku objedn\\u00e1n\\u00ed?\",\"acceptedAnswer\":{\"@type\":\"Answer\",\"text\":\"<p>V z\\u00e1vislosti na skladov\\u00fdch z\\u00e1sob\\u00e1ch a dostupn\\u00fdch mont\\u00e1\\u017en\\u00edch kapacit\\u00e1ch m\\u016f\\u017eeme klimatizaci dodat a nainstalovat ve v\\u011bt\\u0161in\\u011b p\\u0159\\u00edpad\\u016f do 5 dn\\u016f od z\\u00e1vazn\\u00e9 objedn\\u00e1vky.<\\\/p>\\n\"}},{\"@type\":\"Question\",\"name\":\"Prov\\u00e1d\\u00edte servis klimatizac\\u00ed?\",\"acceptedAnswer\":{\"@type\":\"Answer\",\"text\":\"<p>Ano, prov\\u00e1d\\u00edme tak\\u00e9 servis klimatizac\\u00ed. Standardn\\u00ed servis klimatizace stoj\\u00ed 80 \\u20ac. Jedn\\u00e1 se o z\\u00e1kladn\\u00ed cenu, kter\\u00e1 je fakturov\\u00e1na p\\u0159i ka\\u017ed\\u00e9m v\\u00fdjezdu bez ohledu na to, zda se jedn\\u00e1 o b\\u011b\\u017en\\u00e9 \\u010di\\u0161t\\u011bn\\u00ed klimatizace, opravu na m\\u00edst\\u011b nebo jen diagnostiku z\\u00e1vady. R\\u00e1di v\\u00e1m porad\\u00edme s jak\\u00fdmikoliv servisn\\u00edmi dotazy a nacen\\u00edme i individu\\u00e1ln\\u00ed po\\u017eadavky.   <\\\/p>\\n\"}},{\"@type\":\"Question\",\"name\":\"Prov\\u00e1d\\u00edte servis mobiln\\u00edch klimatizac\\u00ed?\",\"acceptedAnswer\":{\"@type\":\"Answer\",\"text\":\"<p>Ne, nem\\u00e1me.<\\\/p>\\n\"}},{\"@type\":\"Question\",\"name\":\"Jak je to s dod\\u00e1vkou klimatizace?\",\"acceptedAnswer\":{\"@type\":\"Answer\",\"text\":\"<p>Pokud jste si objednali klimatizaci bez instalace, bude v\\u00e1m doru\\u010dena kur\\u00fdrem.<\\\/p>\\n<p>Pokud jste si objednali tak\\u00e9 instalaci, p\\u0159ivezou v\\u00e1m klimatizaci v den instalace technici, kte\\u0159\\u00ed zajist\\u00ed jej\\u00ed odvoz do bytu. Kur\\u00fdr doru\\u010d\\u00ed klimatizaci hned za 1. dve\\u0159e. Tot\\u00e9\\u017e plat\\u00ed pro tepeln\\u00e9 \\u010derpadlo.   <\\\/p>\\n\"}},{\"@type\":\"Question\",\"name\":\"Je mo\\u017en\\u00e9 si klimatizaci nebo jin\\u00e9 zbo\\u017e\\u00ed vyzvednout osobn\\u011b?\",\"acceptedAnswer\":{\"@type\":\"Answer\",\"text\":\"<p>Ne, bohu\\u017eel nem\\u016f\\u017eeme zajistit, aby byl skladn\\u00edk dostupn\\u00fd b\\u011bhem cel\\u00e9 pracovn\\u00ed doby.<\\\/p>\\n\"}},{\"@type\":\"Question\",\"name\":\"Dod\\u00e1v\\u00e1te klimatizace i o v\\u00edkendech?\",\"acceptedAnswer\":{\"@type\":\"Answer\",\"text\":\"<p>Ne, o v\\u00edkendech samostatn\\u00e9 doru\\u010dov\\u00e1n\\u00ed neprov\\u00e1d\\u00edme. Na va\\u0161e p\\u0159\\u00e1n\\u00ed v\\u0161ak m\\u016f\\u017eeme zajistit instalaci klimatizace (s dod\\u00e1vkou) o v\\u00edkendu. Jedn\\u00e1 se o dopl\\u0148kovou slu\\u017ebu.  <\\\/p>\\n\"}},{\"@type\":\"Question\",\"name\":\"Je cena v\\u00fdrobk\\u016f ji\\u017e s dod\\u00e1n\\u00edm?\",\"acceptedAnswer\":{\"@type\":\"Answer\",\"text\":\"<p>Okresy Malacky, Senica a Skalica maj\\u00ed cenu dod\\u00e1vky zahrnutou v cen\\u011b v\\u00fdrobku. U ostatn\\u00edch okres\\u016f je doru\\u010den\\u00ed zpoplatn\\u011bno, konkr\\u00e9tn\\u00ed sazba je uvedena p\\u0159i objedn\\u00e1vce v\\u00fdrobku. <\\\/p>\\n\"}},{\"@type\":\"Question\",\"name\":\"Pro\\u010d mus\\u00edm n\\u011bkdy zaplatit celou z\\u00e1lohu za zbo\\u017e\\u00ed p\\u0159edem?\",\"acceptedAnswer\":{\"@type\":\"Answer\",\"text\":\"<p>\\u010c\\u00e1st zbo\\u017e\\u00ed mus\\u00ed b\\u00fdt vzhledem k platebn\\u00edm podm\\u00ednk\\u00e1m dodavatele uhrazena p\\u0159edem v pln\\u00e9 v\\u00fd\\u0161i.<\\\/p>\\n\"}},{\"@type\":\"Question\",\"name\":\"Jak mohu zaplatit?\",\"acceptedAnswer\":{\"@type\":\"Answer\",\"text\":\"<p>V na\\u0161em e-shopu m\\u016f\\u017eete platit kreditn\\u00ed kartou.<\\\/p>\\n\"}},{\"@type\":\"Question\",\"name\":\"Jak si mohu objednat slu\\u017ebu?\",\"acceptedAnswer\":{\"@type\":\"Answer\",\"text\":\"<p>M\\u00e1te-li z\\u00e1jem o objedn\\u00e1n\\u00ed slu\\u017eby, vypl\\u0148te kontaktn\\u00ed formul\\u00e1\\u0159 na str\\u00e1nce Slu\\u017eby.<\\\/p>\\n\"}},{\"@type\":\"Question\",\"name\":\"Jak prob\\u00edh\\u00e1 platba?\",\"acceptedAnswer\":{\"@type\":\"Answer\",\"text\":\"<p>Online platba se prov\\u00e1d\\u00ed prost\\u0159ednictv\\u00edm zabezpe\\u010den\\u00e9 platebn\\u00ed br\\u00e1ny.<\\\/p>\\n\"}}]}<\/script>\n\t\t\t\t\t<\/div>\n\t\t\t\t<\/div>\n\t\t\t\t<\/div>\n\t\t\t\t\t<\/div>\n\t\t<\/div>\n\t\t\t\t\t<\/div>\n\t\t<\/section>\n\t\t\t\t<section class=\"wd-negative-gap elementor-section elementor-top-section elementor-element elementor-element-9a1946d wd-section-stretch nase-sluzby-popis elementor-section-boxed elementor-section-height-default elementor-section-height-default\" data-id=\"9a1946d\" data-element_type=\"section\" data-settings=\"{&quot;background_background&quot;:&quot;classic&quot;}\">\n\t\t\t\t\t\t\t<div class=\"elementor-background-overlay\"><\/div>\n\t\t\t\t\t\t\t<div class=\"elementor-container elementor-column-gap-default\">\n\t\t\t\t\t<div class=\"elementor-column elementor-col-100 elementor-top-column elementor-element elementor-element-0238838 homepriesvitny\" data-id=\"0238838\" data-element_type=\"column\">\n\t\t\t<div class=\"elementor-widget-wrap elementor-element-populated\">\n\t\t\t\t\t\t<div class=\"elementor-element elementor-element-d5cd149 color-scheme-inherit text-left elementor-widget elementor-widget-text-editor\" data-id=\"d5cd149\" data-element_type=\"widget\" data-widget_type=\"text-editor.default\">\n\t\t\t\t<div class=\"elementor-widget-container\">\n\t\t\t\t\t\t\t<span style=\"color: #1e87a3;\"> Kontaktujte n\u00e1s<\/span><br class=\"mybreak\" \/>M\u00e1te dal\u0161\u00ed dotazy  na\u0161im slu\u017eb\u00e1m nebo produkt\u016fm? Nev\u00e1hejte n\u00e1s kontaktovat!\t\t\t\t\t\t<\/div>\n\t\t\t\t<\/div>\n\t\t\t\t<div class=\"elementor-element elementor-element-b02748c color-scheme-inherit text-left elementor-widget elementor-widget-text-editor\" data-id=\"b02748c\" data-element_type=\"widget\" data-widget_type=\"text-editor.default\">\n\t\t\t\t<div class=\"elementor-widget-container\">\n\t\t\t\t\t\t\t<p><a class=\"mybutton\" href=\"https:\/\/cch.sk\/cs\/kontakt\/\">Kontakt<\/a><\/p>\n\t\t\t\t\t\t<\/div>\n\t\t\t\t<\/div>\n\t\t\t\t\t<\/div>\n\t\t<\/div>\n\t\t\t\t\t<\/div>\n\t\t<\/section>\n\t\t\t\t<\/div>\n\t\t","protected":false},"excerpt":{"rendered":"<p>\u010casto kladen\u00e9 ot\u00e1zky a odpov\u011bdi. Porad\u00edme v\u00e1m OD ROKU 1990 Co je zahrnuto v cen\u011b klimatizace? Cena n\u00e1st\u011bnn\u00e9 klimatizace zahrnuje<\/p>\n","protected":false},"author":11,"featured_media":0,"parent":0,"menu_order":0,"comment_status":"closed","ping_status":"closed","template":"","meta":{"_monsterinsights_skip_tracking":false,"_monsterinsights_sitenote_active":false,"_monsterinsights_sitenote_note":"","_monsterinsights_sitenote_category":0,"footnotes":""},"class_list":["post-13840","page","type-page","status-publish","hentry"],"yoast_head":"<!-- This site is optimized with the Yoast SEO plugin v25.6 - https:\/\/yoast.com\/wordpress\/plugins\/seo\/ -->\n<title>Porad\u00edme v\u00e1m - CCH Vzduchotechnika<\/title>\n<meta name=\"robots\" content=\"index, follow, max-snippet:-1, max-image-preview:large, max-video-preview:-1\" \/>\n<link rel=\"canonical\" href=\"https:\/\/cch.sk\/cs\/poradime-vam\/\" \/>\n<meta property=\"og:locale\" content=\"cs_CZ\" \/>\n<meta property=\"og:type\" content=\"article\" \/>\n<meta property=\"og:title\" content=\"Porad\u00edme v\u00e1m - CCH Vzduchotechnika\" \/>\n<meta property=\"og:description\" content=\"\u010casto kladen\u00e9 ot\u00e1zky a odpov\u011bdi. Porad\u00edme v\u00e1m OD ROKU 1990 Co je zahrnuto v cen\u011b klimatizace? Cena n\u00e1st\u011bnn\u00e9 klimatizace zahrnuje\" \/>\n<meta property=\"og:url\" content=\"https:\/\/cch.sk\/cs\/poradime-vam\/\" \/>\n<meta property=\"og:site_name\" content=\"CCH Vzduchotechnika\" \/>\n<meta property=\"article:modified_time\" content=\"2024-11-08T16:10:11+00:00\" \/>\n<meta property=\"og:image\" content=\"https:\/\/cch.sk\/wp-content\/uploads\/elementor\/thumbs\/Line-1-copy-5-qwmk11wd9e77aki4ue13y2k00vxtqbkvg5kw5eh09g.png\" \/>\n<meta name=\"twitter:card\" content=\"summary_large_image\" \/>\n<meta name=\"twitter:label1\" content=\"Odhadovan\u00e1 doba \u010dten\u00ed\" \/>\n\t<meta name=\"twitter:data1\" content=\"3 minuty\" \/>\n<script type=\"application\/ld+json\" class=\"yoast-schema-graph\">{\"@context\":\"https:\/\/schema.org\",\"@graph\":[{\"@type\":\"WebPage\",\"@id\":\"https:\/\/cch.sk\/cs\/poradime-vam\/\",\"url\":\"https:\/\/cch.sk\/cs\/poradime-vam\/\",\"name\":\"Porad\u00edme v\u00e1m - CCH Vzduchotechnika\",\"isPartOf\":{\"@id\":\"https:\/\/cch.sk\/cs\/#website\"},\"primaryImageOfPage\":{\"@id\":\"https:\/\/cch.sk\/cs\/poradime-vam\/#primaryimage\"},\"image\":{\"@id\":\"https:\/\/cch.sk\/cs\/poradime-vam\/#primaryimage\"},\"thumbnailUrl\":\"https:\/\/cch.sk\/wp-content\/uploads\/elementor\/thumbs\/Line-1-copy-5-qwmk11wd9e77aki4ue13y2k00vxtqbkvg5kw5eh09g.png\",\"datePublished\":\"2023-06-13T05:29:51+00:00\",\"dateModified\":\"2024-11-08T16:10:11+00:00\",\"breadcrumb\":{\"@id\":\"https:\/\/cch.sk\/cs\/poradime-vam\/#breadcrumb\"},\"inLanguage\":\"cs\",\"potentialAction\":[{\"@type\":\"ReadAction\",\"target\":[\"https:\/\/cch.sk\/cs\/poradime-vam\/\"]}]},{\"@type\":\"ImageObject\",\"inLanguage\":\"cs\",\"@id\":\"https:\/\/cch.sk\/cs\/poradime-vam\/#primaryimage\",\"url\":\"https:\/\/cch.sk\/wp-content\/uploads\/elementor\/thumbs\/Line-1-copy-5-qwmk11wd9e77aki4ue13y2k00vxtqbkvg5kw5eh09g.png\",\"contentUrl\":\"https:\/\/cch.sk\/wp-content\/uploads\/elementor\/thumbs\/Line-1-copy-5-qwmk11wd9e77aki4ue13y2k00vxtqbkvg5kw5eh09g.png\"},{\"@type\":\"BreadcrumbList\",\"@id\":\"https:\/\/cch.sk\/cs\/poradime-vam\/#breadcrumb\",\"itemListElement\":[{\"@type\":\"ListItem\",\"position\":1,\"name\":\"Home\",\"item\":\"https:\/\/cch.sk\/cs\/home\/\"},{\"@type\":\"ListItem\",\"position\":2,\"name\":\"Porad\u00edme v\u00e1m\"}]},{\"@type\":\"WebSite\",\"@id\":\"https:\/\/cch.sk\/cs\/#website\",\"url\":\"https:\/\/cch.sk\/cs\/\",\"name\":\"CCH Vzduchotechnika\",\"description\":\"\",\"potentialAction\":[{\"@type\":\"SearchAction\",\"target\":{\"@type\":\"EntryPoint\",\"urlTemplate\":\"https:\/\/cch.sk\/cs\/?s={search_term_string}\"},\"query-input\":{\"@type\":\"PropertyValueSpecification\",\"valueRequired\":true,\"valueName\":\"search_term_string\"}}],\"inLanguage\":\"cs\"}]}<\/script>\n<!-- \/ Yoast SEO plugin. -->","yoast_head_json":{"title":"Porad\u00edme v\u00e1m - CCH Vzduchotechnika","robots":{"index":"index","follow":"follow","max-snippet":"max-snippet:-1","max-image-preview":"max-image-preview:large","max-video-preview":"max-video-preview:-1"},"canonical":"https:\/\/cch.sk\/cs\/poradime-vam\/","og_locale":"cs_CZ","og_type":"article","og_title":"Porad\u00edme v\u00e1m - CCH Vzduchotechnika","og_description":"\u010casto kladen\u00e9 ot\u00e1zky a odpov\u011bdi. Porad\u00edme v\u00e1m OD ROKU 1990 Co je zahrnuto v cen\u011b klimatizace? Cena n\u00e1st\u011bnn\u00e9 klimatizace zahrnuje","og_url":"https:\/\/cch.sk\/cs\/poradime-vam\/","og_site_name":"CCH Vzduchotechnika","article_modified_time":"2024-11-08T16:10:11+00:00","og_image":[{"url":"https:\/\/cch.sk\/wp-content\/uploads\/elementor\/thumbs\/Line-1-copy-5-qwmk11wd9e77aki4ue13y2k00vxtqbkvg5kw5eh09g.png","type":"","width":"","height":""}],"twitter_card":"summary_large_image","twitter_misc":{"Odhadovan\u00e1 doba \u010dten\u00ed":"3 minuty"},"schema":{"@context":"https:\/\/schema.org","@graph":[{"@type":"WebPage","@id":"https:\/\/cch.sk\/cs\/poradime-vam\/","url":"https:\/\/cch.sk\/cs\/poradime-vam\/","name":"Porad\u00edme v\u00e1m - CCH Vzduchotechnika","isPartOf":{"@id":"https:\/\/cch.sk\/cs\/#website"},"primaryImageOfPage":{"@id":"https:\/\/cch.sk\/cs\/poradime-vam\/#primaryimage"},"image":{"@id":"https:\/\/cch.sk\/cs\/poradime-vam\/#primaryimage"},"thumbnailUrl":"https:\/\/cch.sk\/wp-content\/uploads\/elementor\/thumbs\/Line-1-copy-5-qwmk11wd9e77aki4ue13y2k00vxtqbkvg5kw5eh09g.png","datePublished":"2023-06-13T05:29:51+00:00","dateModified":"2024-11-08T16:10:11+00:00","breadcrumb":{"@id":"https:\/\/cch.sk\/cs\/poradime-vam\/#breadcrumb"},"inLanguage":"cs","potentialAction":[{"@type":"ReadAction","target":["https:\/\/cch.sk\/cs\/poradime-vam\/"]}]},{"@type":"ImageObject","inLanguage":"cs","@id":"https:\/\/cch.sk\/cs\/poradime-vam\/#primaryimage","url":"https:\/\/cch.sk\/wp-content\/uploads\/elementor\/thumbs\/Line-1-copy-5-qwmk11wd9e77aki4ue13y2k00vxtqbkvg5kw5eh09g.png","contentUrl":"https:\/\/cch.sk\/wp-content\/uploads\/elementor\/thumbs\/Line-1-copy-5-qwmk11wd9e77aki4ue13y2k00vxtqbkvg5kw5eh09g.png"},{"@type":"BreadcrumbList","@id":"https:\/\/cch.sk\/cs\/poradime-vam\/#breadcrumb","itemListElement":[{"@type":"ListItem","position":1,"name":"Home","item":"https:\/\/cch.sk\/cs\/home\/"},{"@type":"ListItem","position":2,"name":"Porad\u00edme v\u00e1m"}]},{"@type":"WebSite","@id":"https:\/\/cch.sk\/cs\/#website","url":"https:\/\/cch.sk\/cs\/","name":"CCH Vzduchotechnika","description":"","potentialAction":[{"@type":"SearchAction","target":{"@type":"EntryPoint","urlTemplate":"https:\/\/cch.sk\/cs\/?s={search_term_string}"},"query-input":{"@type":"PropertyValueSpecification","valueRequired":true,"valueName":"search_term_string"}}],"inLanguage":"cs"}]}},"_links":{"self":[{"href":"https:\/\/cch.sk\/cs\/wp-json\/wp\/v2\/pages\/13840"}],"collection":[{"href":"https:\/\/cch.sk\/cs\/wp-json\/wp\/v2\/pages"}],"about":[{"href":"https:\/\/cch.sk\/cs\/wp-json\/wp\/v2\/types\/page"}],"author":[{"embeddable":true,"href":"https:\/\/cch.sk\/cs\/wp-json\/wp\/v2\/users\/11"}],"replies":[{"embeddable":true,"href":"https:\/\/cch.sk\/cs\/wp-json\/wp\/v2\/comments?post=13840"}],"version-history":[{"count":6,"href":"https:\/\/cch.sk\/cs\/wp-json\/wp\/v2\/pages\/13840\/revisions"}],"predecessor-version":[{"id":13857,"href":"https:\/\/cch.sk\/cs\/wp-json\/wp\/v2\/pages\/13840\/revisions\/13857"}],"wp:attachment":[{"href":"https:\/\/cch.sk\/cs\/wp-json\/wp\/v2\/media?parent=13840"}],"curies":[{"name":"wp","href":"https:\/\/api.w.org\/{rel}","templated":true}]}}